{"id":724,"date":"2023-12-29T10:20:14","date_gmt":"2023-12-29T09:20:14","guid":{"rendered":"https:\/\/www.cdcargologistics.cz\/belexpress\/"},"modified":"2024-05-30T13:24:37","modified_gmt":"2024-05-30T11:24:37","slug":"belexpress","status":"publish","type":"page","link":"https:\/\/www.cdcargologistics.cz\/en\/belexpress\/","title":{"rendered":"Belexpress"},"content":{"rendered":"\n<section class=\"wp-block-group position-relative is-layout-constrained wp-block-group-is-layout-constrained\">\n<div style=\"height:var(--wp--preset--spacing--3)\" aria-hidden=\"true\" class=\"wp-block-spacer\"><\/div>\n\n\n\n<div class=\"wp-block-media-text is-stacked-on-mobile is-vertically-aligned-bottom border-top-radius-12 train-title__icon has-white-color has-primary-background-color has-text-color has-background has-link-color wp-elements-4a0ba66fce7a4ae93ba624ffe09d983a\" style=\"grid-template-columns:15% auto\"><figure class=\"wp-block-media-text__media\"><img loading=\"lazy\" decoding=\"async\" width=\"58\" height=\"62\" src=\"https:\/\/www.cdcargologistics.cz\/app\/uploads\/2023\/12\/belexpress.svg\" alt=\"\" class=\"wp-image-54 size-full\"\/><\/figure><div class=\"wp-block-media-text__content\">\n<h1 class=\"wp-block-heading h2\" style=\"font-style:normal;font-weight:400\"><strong>BELEXPRESS <\/strong> \u2013 REGULAR RAIL CONNECTION BETWEEN THE CZECH REPUBLIC AND THE BENELUX COUNTRIES AND THE RUHR AREA<\/h1>\n<\/div><\/div>\n\n\n\n<div class=\"wp-block-columns mb-0 has-white-color has-primary-background-color has-text-color has-background has-link-color wp-elements-877a8b5d3a1110eed8cbc87bd68d3b37 is-layout-flex wp-container-core-columns-is-layout-9d6595d7 wp-block-columns-is-layout-flex\">\n<div class=\"wp-block-column is-layout-flow wp-block-column-is-layout-flow\">\n<div class=\"wp-block-columns is-layout-flex wp-container-core-columns-is-layout-9d6595d7 wp-block-columns-is-layout-flex\">\n<div class=\"wp-block-column is-layout-flow wp-block-column-is-layout-flow\">\n<h3 class=\"wp-block-heading h4\">FAST CONNECTION TO SEA PORTS:<\/h3>\n\n\n\n<ul style=\"font-style:normal;font-weight:400\" class=\"list wp-block-list\">\n<li>We offer the fastest connection from Central Europe to the ports of Antwerp, Zeebrugge, and Rotterdam<\/li>\n<\/ul>\n\n\n\n<h3 class=\"wp-block-heading h4\">FLEXIBLE WAGON SHIPMENT TRANSPORT:<\/h3>\n\n\n\n<ul style=\"font-style:normal;font-weight:400\" class=\"list wp-block-list\">\n<li>We transport conventional shipments in railway wagons of the carrier or in private wagons of our customers<\/li>\n\n\n\n<li>We handle the transportation of all types of goods, including hazardous cargo<\/li>\n\n\n\n<li>We offer options for the transport of single wagon shipments and groups of wagons<\/li>\n\n\n\n<li>We provide a&nbsp;comprehensive logistical solution \u2013 collaborating with other carriers and private siding operators<\/li>\n<\/ul>\n<\/div>\n\n\n\n<div class=\"wp-block-column is-layout-flow wp-block-column-is-layout-flow\">\n<h3 class=\"wp-block-heading h4\">EXTENSIVE RAIL NETWORK CONNECTING EUROPE:<\/h3>\n\n\n\n<ul style=\"font-style:normal;font-weight:400\" class=\"list wp-block-list\">\n<li>We provide connections to over 1000 loading stations throughout the Czech Republic and Central Europe<\/li>\n\n\n\n<li>We ensure connections to more than 200 loading places in the Benelux and the Ruhr area via the Recklinghausen station<\/li>\n\n\n\n<li>Possibility of connection to other product trains of \u010cD Cargo Logistics<\/li>\n<\/ul>\n\n\n\n<h3 class=\"wp-block-heading h4\">Regular Departures:<\/h3>\n\n\n\n<ul style=\"font-style:normal;font-weight:400\" class=\"list wp-block-list\">\n<li>Departures twice a&nbsp;week from the sorting station in \u00dast\u00ed nad Labem, where the train is assembled<\/li>\n<\/ul>\n\n\n\n<h3 class=\"wp-block-heading h4\">Estimated Transit Time:<\/h3>\n\n\n\n<ul style=\"font-style:normal;font-weight:400\" class=\"list wp-block-list\">\n<li>The transit time is 36 hours, depending on the destination station<\/li>\n<\/ul>\n<\/div>\n<\/div>\n\n\n\n<h3 class=\"wp-block-heading\">WITH BELEXPRESS, YOU ARE GUARANTEED FAST, SAFE, AND FLEXIBLE TRANSPORTATION BETWEEN THE CZECH REPUBLIC, THE BENELUX COUNTRIES, THE RUHR AREA, AND BACK<\/h3>\n<\/div>\n<\/div>\n\n\n\n<div class=\"wp-block-columns border-bottom-radius-12 has-white-color has-primary-background-color has-text-color has-background has-link-color wp-elements-ba0deb6c99b63ae825fd66ef48a394f8 is-layout-flex wp-container-core-columns-is-layout-9d6595d7 wp-block-columns-is-layout-flex\">\n<div class=\"wp-block-column is-layout-flow wp-block-column-is-layout-flow\" style=\"flex-basis:66.66%\">\n<figure class=\"wp-block-image size-large\"><img loading=\"lazy\" decoding=\"async\" width=\"528\" height=\"324\" src=\"https:\/\/www.cdcargologistics.cz\/app\/uploads\/2024\/02\/cd-map-belexpress.svg\" alt=\"\" class=\"wp-image-659\"\/><\/figure>\n<\/div>\n\n\n\n<div class=\"wp-block-column is-layout-flow wp-block-column-is-layout-flow\" style=\"flex-basis:33.33%\">\n<div style=\"height:var(--wp--preset--spacing--3)\" aria-hidden=\"true\" class=\"wp-block-spacer\"><\/div>\n\n\n\n<div class=\"wp-block-media-text is-stacked-on-mobile is-vertically-aligned-top train-list__icon\" style=\"grid-template-columns:15% auto\"><figure class=\"wp-block-media-text__media\"><img loading=\"lazy\" decoding=\"async\" width=\"16\" height=\"16\" src=\"https:\/\/www.cdcargologistics.cz\/app\/uploads\/2023\/12\/icon-adresa.svg\" alt=\"\" class=\"wp-image-240 size-full\"\/><\/figure><div class=\"wp-block-media-text__content\">\n<p style=\"font-style:normal;font-weight:400;text-transform:uppercase\">\u010cD Cargo Logistics, a.s.<br\/><a href=\"https:\/\/maps.app.goo.gl\/YarRKzFy8v5LJiHMA\" target=\"_blank\" rel=\"noreferrer noopener\">Opletalova 1284\/37, Praha 1<\/a><br\/>Bc. Mark\u00e9ta Houskov\u00e1 <\/p>\n<\/div><\/div>\n\n\n\n<div class=\"wp-block-media-text is-stacked-on-mobile train-list__icon\" style=\"grid-template-columns:15% auto\"><figure class=\"wp-block-media-text__media\"><img loading=\"lazy\" decoding=\"async\" width=\"16\" height=\"16\" src=\"https:\/\/www.cdcargologistics.cz\/app\/uploads\/2023\/12\/icon-email.svg\" alt=\"\" class=\"wp-image-241 size-full\"\/><\/figure><div class=\"wp-block-media-text__content\">\n<p style=\"font-style:normal;font-weight:400;text-transform:uppercase\">Email: <a href=\"mailto:czbelexpress@cdcl.cz\">czbelexpress@cdcl.cz<\/a><\/p>\n<\/div><\/div>\n\n\n\n<div class=\"wp-block-media-text is-stacked-on-mobile train-list__icon\" style=\"grid-template-columns:15% auto\"><figure class=\"wp-block-media-text__media\"><img loading=\"lazy\" decoding=\"async\" width=\"16\" height=\"16\" src=\"https:\/\/www.cdcargologistics.cz\/app\/uploads\/2023\/12\/icon-telefon.svg\" alt=\"\" class=\"wp-image-242 size-full\"\/><\/figure><div class=\"wp-block-media-text__content\">\n<p style=\"font-style:normal;font-weight:400;text-transform:uppercase\">Tel: <a href=\"tel:+420728563496\">+420&nbsp;728&nbsp;563&nbsp;496<\/a><\/p>\n<\/div><\/div>\n<\/div>\n<\/div>\n<\/section>\n\n<section class=\"wp-block-group alignwide is-layout-constrained wp-block-group-is-layout-constrained\">\n<div class=\"wp-block-group title__line-wrapper is-layout-constrained wp-block-group-is-layout-constrained\">\n<h2 class=\"wp-block-heading title__line\">News<\/h2>\n<\/div>\n\n\n\n<div class=\"wp-block-columns alignwide mb-0 is-layout-flex wp-container-core-columns-is-layout-9d6595d7 wp-block-columns-is-layout-flex\">\n<div class=\"wp-block-column is-layout-flow wp-block-column-is-layout-flow\">\n<div class=\"wp-block-query alignwide posts is-layout-flow wp-block-query-is-layout-flow\"><ul class=\"alignwide wp-block-post-template is-layout-flow wp-block-post-template-is-layout-flow\"><li class=\"wp-block-post post-2519 post type-post status-publish format-standard has-post-thumbnail hentry category-uncategorized\">\n\n<div class=\"wp-block-group alignwide is-layout-flow wp-block-group-is-layout-flow\">\n<div class=\"wp-block-columns posts__row is-layout-flex wp-container-core-columns-is-layout-9d6595d7 wp-block-columns-is-layout-flex\">\n<div class=\"wp-block-column posts__info has-white-color has-primary-background-color has-text-color has-background has-link-color wp-elements-24455b151d092c68d5e9a4a217c9a66b is-layout-flow wp-block-column-is-layout-flow\"><h3 class=\"wp-block-post-title\"><a href=\"https:\/\/www.cdcargologistics.cz\/en\/extraordinary-transports-managed-by-cd-cargo-logistics\/\" target=\"_self\">Extraordinary transports managed by \u010cD Cargo Logistics<\/a><\/h3>\n\n\n<hr class=\"wp-block-separator has-alpha-channel-opacity is-style-default\"\/>\n\n\n<div class=\"wp-block-post-excerpt\"><p class=\"wp-block-post-excerpt__excerpt\">Extraordinary transports are our specialty. Since 2010, we have been providing comprehensive services in the field of transporting oversize and heavy loads by rail. Our experience includes the transport of diverse goods such as industrial machinery, energy equipment, bulk tanks or road and rail vehicles. Thanks to our know-how and our extensive network of partners,&hellip; <\/p><\/div>\n\n\n<div class=\"wp-block-columns are-vertically-aligned-center posts__metadata is-layout-flex wp-container-core-columns-is-layout-9d6595d7 wp-block-columns-is-layout-flex\">\n<div class=\"wp-block-column is-vertically-aligned-center is-layout-flow wp-block-column-is-layout-flow\"><div class=\"posts__date wp-block-post-date\"><time datetime=\"2025-01-09T17:29:28+01:00\">January 9, 2025<\/time><\/div><\/div>\n\n\n\n<div class=\"wp-block-column is-vertically-aligned-center is-layout-flow wp-block-column-is-layout-flow\"><a class=\"posts__readmore wp-block-read-more has-background has-conversion-background-color\" href=\"https:\/\/www.cdcargologistics.cz\/en\/extraordinary-transports-managed-by-cd-cargo-logistics\/\" target=\"_self\">Read more<span class=\"screen-reader-text\">: Extraordinary transports managed by \u010cD Cargo Logistics<\/span><\/a><\/div>\n<\/div>\n<\/div>\n\n\n\n<div class=\"wp-block-column posts__image is-layout-flow wp-block-column-is-layout-flow\"><figure class=\"wp-block-post-featured-image\"><a href=\"https:\/\/www.cdcargologistics.cz\/en\/extraordinary-transports-managed-by-cd-cargo-logistics\/\" target=\"_self\"><img loading=\"lazy\" decoding=\"async\" width=\"750\" height=\"410\" src=\"https:\/\/www.cdcargologistics.cz\/app\/uploads\/2025\/01\/cd-cargo-750x410-1.jpg\" class=\"attachment-post-thumbnail size-post-thumbnail wp-post-image\" alt=\"Extraordinary transports managed by \u010cD Cargo Logistics\" style=\"object-fit:cover;\" srcset=\"https:\/\/www.cdcargologistics.cz\/app\/uploads\/2025\/01\/cd-cargo-750x410-1.jpg 750w, https:\/\/www.cdcargologistics.cz\/app\/uploads\/2025\/01\/cd-cargo-750x410-1-300x164.jpg 300w\" sizes=\"auto, (max-width: 750px) 100vw, 750px\" \/><\/a><\/figure><\/div>\n<\/div>\n<\/div>\n\n<\/li><li class=\"wp-block-post post-2510 post type-post status-publish format-standard has-post-thumbnail hentry category-uncategorized\">\n\n<div class=\"wp-block-group alignwide is-layout-flow wp-block-group-is-layout-flow\">\n<div class=\"wp-block-columns posts__row is-layout-flex wp-container-core-columns-is-layout-9d6595d7 wp-block-columns-is-layout-flex\">\n<div class=\"wp-block-column posts__info has-white-color has-primary-background-color has-text-color has-background has-link-color wp-elements-24455b151d092c68d5e9a4a217c9a66b is-layout-flow wp-block-column-is-layout-flow\"><h3 class=\"wp-block-post-title\"><a href=\"https:\/\/www.cdcargologistics.cz\/en\/pf-2025\/\" target=\"_self\">PF 2025<\/a><\/h3>\n\n\n<hr class=\"wp-block-separator has-alpha-channel-opacity is-style-default\"\/>\n\n\n<div class=\"wp-block-post-excerpt\"><p class=\"wp-block-post-excerpt__excerpt\">The Christmas holidays are approaching and with them the end of another year. The team of \u010cD Cargo Logistics thanks all our partners and customers for the great cooperation. We wish you a&nbsp;Merry Christmas full of peace and quiet, and good luck, health and business success in the New Year! <\/p><\/div>\n\n\n<div class=\"wp-block-columns are-vertically-aligned-center posts__metadata is-layout-flex wp-container-core-columns-is-layout-9d6595d7 wp-block-columns-is-layout-flex\">\n<div class=\"wp-block-column is-vertically-aligned-center is-layout-flow wp-block-column-is-layout-flow\"><div class=\"posts__date wp-block-post-date\"><time datetime=\"2024-12-20T14:55:24+01:00\">December 20, 2024<\/time><\/div><\/div>\n\n\n\n<div class=\"wp-block-column is-vertically-aligned-center is-layout-flow wp-block-column-is-layout-flow\"><a class=\"posts__readmore wp-block-read-more has-background has-conversion-background-color\" href=\"https:\/\/www.cdcargologistics.cz\/en\/pf-2025\/\" target=\"_self\">Read more<span class=\"screen-reader-text\">: PF&nbsp;2025<\/span><\/a><\/div>\n<\/div>\n<\/div>\n\n\n\n<div class=\"wp-block-column posts__image is-layout-flow wp-block-column-is-layout-flow\"><figure class=\"wp-block-post-featured-image\"><a href=\"https:\/\/www.cdcargologistics.cz\/en\/pf-2025\/\" target=\"_self\"><img loading=\"lazy\" decoding=\"async\" width=\"1368\" height=\"673\" src=\"https:\/\/www.cdcargologistics.cz\/app\/uploads\/2024\/12\/cdcl-pf-2025.jpg\" class=\"attachment-post-thumbnail size-post-thumbnail wp-post-image\" alt=\"PF 2025\" style=\"object-fit:cover;\" srcset=\"https:\/\/www.cdcargologistics.cz\/app\/uploads\/2024\/12\/cdcl-pf-2025.jpg 1368w, https:\/\/www.cdcargologistics.cz\/app\/uploads\/2024\/12\/cdcl-pf-2025-300x148.jpg 300w, https:\/\/www.cdcargologistics.cz\/app\/uploads\/2024\/12\/cdcl-pf-2025-1024x504.jpg 1024w, https:\/\/www.cdcargologistics.cz\/app\/uploads\/2024\/12\/cdcl-pf-2025-768x378.jpg 768w\" sizes=\"auto, (max-width: 1368px) 100vw, 1368px\" \/><\/a><\/figure><\/div>\n<\/div>\n<\/div>\n\n<\/li><li class=\"wp-block-post post-2504 post type-post status-publish format-standard has-post-thumbnail hentry category-uncategorized\">\n\n<div class=\"wp-block-group alignwide is-layout-flow wp-block-group-is-layout-flow\">\n<div class=\"wp-block-columns posts__row is-layout-flex wp-container-core-columns-is-layout-9d6595d7 wp-block-columns-is-layout-flex\">\n<div class=\"wp-block-column posts__info has-white-color has-primary-background-color has-text-color has-background has-link-color wp-elements-24455b151d092c68d5e9a4a217c9a66b is-layout-flow wp-block-column-is-layout-flow\"><h3 class=\"wp-block-post-title\"><a href=\"https:\/\/www.cdcargologistics.cz\/en\/cd-cargo-logistics-and-the-university-of-defence-cooperation-for-the-future-of-military-logistics\/\" target=\"_self\">\u010cD Cargo Logistics and the University of Defence: Cooperation for the future of military logistics<\/a><\/h3>\n\n\n<hr class=\"wp-block-separator has-alpha-channel-opacity is-style-default\"\/>\n\n\n<div class=\"wp-block-post-excerpt\"><p class=\"wp-block-post-excerpt__excerpt\">On 10 December 2024, we welcomed future military logisticians from the Faculty of Military Leadership at the University of Defence and organised a&nbsp;specialised seminar on rail freight and emergency transport. The event was part of our long-term cooperation with this prestigious institution. Our experienced experts V\u00edt Mikol\u00e1\u0161ik, Martina Kholov\u00e1 and Petr Fran\u010de presented a&nbsp;comprehensive view&hellip; <\/p><\/div>\n\n\n<div class=\"wp-block-columns are-vertically-aligned-center posts__metadata is-layout-flex wp-container-core-columns-is-layout-9d6595d7 wp-block-columns-is-layout-flex\">\n<div class=\"wp-block-column is-vertically-aligned-center is-layout-flow wp-block-column-is-layout-flow\"><div class=\"posts__date wp-block-post-date\"><time datetime=\"2024-12-20T09:21:44+01:00\">December 20, 2024<\/time><\/div><\/div>\n\n\n\n<div class=\"wp-block-column is-vertically-aligned-center is-layout-flow wp-block-column-is-layout-flow\"><a class=\"posts__readmore wp-block-read-more has-background has-conversion-background-color\" href=\"https:\/\/www.cdcargologistics.cz\/en\/cd-cargo-logistics-and-the-university-of-defence-cooperation-for-the-future-of-military-logistics\/\" target=\"_self\">Read more<span class=\"screen-reader-text\">: \u010cD Cargo Logistics and the University of Defence: Cooperation for the future of military logistics<\/span><\/a><\/div>\n<\/div>\n<\/div>\n\n\n\n<div class=\"wp-block-column posts__image is-layout-flow wp-block-column-is-layout-flow\"><figure class=\"wp-block-post-featured-image\"><a href=\"https:\/\/www.cdcargologistics.cz\/en\/cd-cargo-logistics-and-the-university-of-defence-cooperation-for-the-future-of-military-logistics\/\" target=\"_self\"><img loading=\"lazy\" decoding=\"async\" width=\"2048\" height=\"1536\" src=\"https:\/\/www.cdcargologistics.cz\/app\/uploads\/2024\/12\/img-3238.jpeg\" class=\"attachment-post-thumbnail size-post-thumbnail wp-post-image\" alt=\"\u010cD Cargo Logistics and the University of Defence: Cooperation for the future of military logistics\" style=\"object-fit:cover;\" srcset=\"https:\/\/www.cdcargologistics.cz\/app\/uploads\/2024\/12\/img-3238.jpeg 2048w, https:\/\/www.cdcargologistics.cz\/app\/uploads\/2024\/12\/img-3238-300x225.jpeg 300w, https:\/\/www.cdcargologistics.cz\/app\/uploads\/2024\/12\/img-3238-1024x768.jpeg 1024w, https:\/\/www.cdcargologistics.cz\/app\/uploads\/2024\/12\/img-3238-768x576.jpeg 768w, https:\/\/www.cdcargologistics.cz\/app\/uploads\/2024\/12\/img-3238-1536x1152.jpeg 1536w\" sizes=\"auto, (max-width: 2048px) 100vw, 2048px\" \/><\/a><\/figure><\/div>\n<\/div>\n<\/div>\n\n<\/li><\/ul><\/div>\n<\/div>\n<\/div>\n<\/section>\n\n<section class=\"wp-block-group alignwide is-layout-constrained wp-block-group-is-layout-constrained\">\n<div class=\"wp-block-columns alignwide mb-0 is-layout-flex wp-container-core-columns-is-layout-9d6595d7 wp-block-columns-is-layout-flex\">\n<div class=\"wp-block-column is-layout-flow wp-block-column-is-layout-flow\">\n<figure class=\"wp-block-gallery alignwide has-nested-images columns-8 references-gallery mb-0 has-light-grey-background-color has-background wp-block-gallery-1 is-layout-flex wp-block-gallery-is-layout-flex\">\n<figure class=\"wp-block-image size-large\"><img loading=\"lazy\" decoding=\"async\" width=\"1024\" height=\"445\" data-id=\"123\" src=\"https:\/\/www.cdcargologistics.cz\/app\/uploads\/2023\/12\/cd-as-1024x445.png\" alt=\"\" class=\"wp-image-123\" srcset=\"https:\/\/www.cdcargologistics.cz\/app\/uploads\/2023\/12\/cd-as-1024x445.png 1024w, https:\/\/www.cdcargologistics.cz\/app\/uploads\/2023\/12\/cd-as-300x131.png 300w, https:\/\/www.cdcargologistics.cz\/app\/uploads\/2023\/12\/cd-as-768x334.png 768w, https:\/\/www.cdcargologistics.cz\/app\/uploads\/2023\/12\/cd-as.png 1200w\" sizes=\"auto, (max-width: 1024px) 100vw, 1024px\" \/><\/figure>\n\n\n\n<figure class=\"wp-block-image size-large\"><img loading=\"lazy\" decoding=\"async\" width=\"1024\" height=\"286\" data-id=\"209\" src=\"https:\/\/www.cdcargologistics.cz\/app\/uploads\/2023\/12\/trenitalia-logo-1-1024x286.png\" alt=\"\" class=\"wp-image-209\" srcset=\"https:\/\/www.cdcargologistics.cz\/app\/uploads\/2023\/12\/trenitalia-logo-1-1024x286.png 1024w, https:\/\/www.cdcargologistics.cz\/app\/uploads\/2023\/12\/trenitalia-logo-1-300x84.png 300w, https:\/\/www.cdcargologistics.cz\/app\/uploads\/2023\/12\/trenitalia-logo-1-768x214.png 768w, https:\/\/www.cdcargologistics.cz\/app\/uploads\/2023\/12\/trenitalia-logo-1.png 1225w\" sizes=\"auto, (max-width: 1024px) 100vw, 1024px\" \/><\/figure>\n\n\n\n<figure class=\"wp-block-image size-large\"><img loading=\"lazy\" decoding=\"async\" width=\"283\" height=\"124\" data-id=\"146\" src=\"https:\/\/www.cdcargologistics.cz\/app\/uploads\/2023\/12\/ZSSK_Cargo.svg\" alt=\"\" class=\"wp-image-146\"\/><\/figure>\n\n\n\n<figure class=\"wp-block-image size-large\"><img loading=\"lazy\" decoding=\"async\" width=\"164\" height=\"38\" data-id=\"136\" src=\"https:\/\/www.cdcargologistics.cz\/app\/uploads\/2023\/12\/Logo_cd_cargo.svg\" alt=\"\" class=\"wp-image-136\"\/><\/figure>\n\n\n\n<figure class=\"wp-block-image size-large\"><img loading=\"lazy\" decoding=\"async\" width=\"370\" height=\"65\" data-id=\"126\" src=\"https:\/\/www.cdcargologistics.cz\/app\/uploads\/2023\/12\/DB_Schenker_logo.svg\" alt=\"\" class=\"wp-image-126\"\/><\/figure>\n\n\n\n<figure class=\"wp-block-image size-full\"><img loading=\"lazy\" decoding=\"async\" width=\"220\" height=\"72\" data-id=\"210\" src=\"https:\/\/www.cdcargologistics.cz\/app\/uploads\/2023\/12\/transa-db-1.png\" alt=\"\" class=\"wp-image-210\"\/><\/figure>\n\n\n\n<figure class=\"wp-block-image size-full\"><img loading=\"lazy\" decoding=\"async\" width=\"500\" height=\"144\" data-id=\"211\" src=\"https:\/\/www.cdcargologistics.cz\/app\/uploads\/2023\/12\/fast-kovosrot-1.png\" alt=\"\" class=\"wp-image-211\" srcset=\"https:\/\/www.cdcargologistics.cz\/app\/uploads\/2023\/12\/fast-kovosrot-1.png 500w, https:\/\/www.cdcargologistics.cz\/app\/uploads\/2023\/12\/fast-kovosrot-1-300x86.png 300w\" sizes=\"auto, (max-width: 500px) 100vw, 500px\" \/><\/figure>\n\n\n\n<figure class=\"wp-block-image size-full\"><img loading=\"lazy\" decoding=\"async\" width=\"500\" height=\"165\" data-id=\"212\" src=\"https:\/\/www.cdcargologistics.cz\/app\/uploads\/2023\/12\/unipetrol-orlen-1.png\" alt=\"\" class=\"wp-image-212\" srcset=\"https:\/\/www.cdcargologistics.cz\/app\/uploads\/2023\/12\/unipetrol-orlen-1.png 500w, https:\/\/www.cdcargologistics.cz\/app\/uploads\/2023\/12\/unipetrol-orlen-1-300x99.png 300w\" sizes=\"auto, (max-width: 500px) 100vw, 500px\" \/><\/figure>\n\n\n\n<figure class=\"wp-block-image size-full\"><img loading=\"lazy\" decoding=\"async\" width=\"500\" height=\"67\" data-id=\"213\" src=\"https:\/\/www.cdcargologistics.cz\/app\/uploads\/2023\/12\/bonatrans-1.png\" alt=\"\" class=\"wp-image-213\" srcset=\"https:\/\/www.cdcargologistics.cz\/app\/uploads\/2023\/12\/bonatrans-1.png 500w, https:\/\/www.cdcargologistics.cz\/app\/uploads\/2023\/12\/bonatrans-1-300x40.png 300w\" sizes=\"auto, (max-width: 500px) 100vw, 500px\" \/><\/figure>\n\n\n\n<figure class=\"wp-block-image size-full\"><img loading=\"lazy\" decoding=\"async\" width=\"500\" height=\"139\" data-id=\"214\" src=\"https:\/\/www.cdcargologistics.cz\/app\/uploads\/2023\/12\/skoda-1.png\" alt=\"\" class=\"wp-image-214\" srcset=\"https:\/\/www.cdcargologistics.cz\/app\/uploads\/2023\/12\/skoda-1.png 500w, https:\/\/www.cdcargologistics.cz\/app\/uploads\/2023\/12\/skoda-1-300x83.png 300w\" sizes=\"auto, (max-width: 500px) 100vw, 500px\" \/><\/figure>\n\n\n\n<figure class=\"wp-block-image size-full\"><img loading=\"lazy\" decoding=\"async\" width=\"500\" height=\"157\" data-id=\"215\" src=\"https:\/\/www.cdcargologistics.cz\/app\/uploads\/2023\/12\/ml-logistic-1.png\" alt=\"\" class=\"wp-image-215\" srcset=\"https:\/\/www.cdcargologistics.cz\/app\/uploads\/2023\/12\/ml-logistic-1.png 500w, https:\/\/www.cdcargologistics.cz\/app\/uploads\/2023\/12\/ml-logistic-1-300x94.png 300w\" sizes=\"auto, (max-width: 500px) 100vw, 500px\" \/><\/figure>\n\n\n\n<figure class=\"wp-block-image size-large\"><img loading=\"lazy\" decoding=\"async\" width=\"1024\" height=\"338\" data-id=\"124\" src=\"https:\/\/www.cdcargologistics.cz\/app\/uploads\/2023\/12\/carbosped.png\" alt=\"\" class=\"wp-image-124\" srcset=\"https:\/\/www.cdcargologistics.cz\/app\/uploads\/2023\/12\/carbosped.png 1024w, https:\/\/www.cdcargologistics.cz\/app\/uploads\/2023\/12\/carbosped-300x99.png 300w, https:\/\/www.cdcargologistics.cz\/app\/uploads\/2023\/12\/carbosped-768x254.png 768w\" sizes=\"auto, (max-width: 1024px) 100vw, 1024px\" \/><\/figure>\n\n\n\n<figure class=\"wp-block-image size-full\"><img loading=\"lazy\" decoding=\"async\" width=\"492\" height=\"120\" data-id=\"216\" src=\"https:\/\/www.cdcargologistics.cz\/app\/uploads\/2023\/12\/ekopronmetal-1.png\" alt=\"\" class=\"wp-image-216\" srcset=\"https:\/\/www.cdcargologistics.cz\/app\/uploads\/2023\/12\/ekopronmetal-1.png 492w, https:\/\/www.cdcargologistics.cz\/app\/uploads\/2023\/12\/ekopronmetal-1-300x73.png 300w\" sizes=\"auto, (max-width: 492px) 100vw, 492px\" \/><\/figure>\n\n\n\n<figure class=\"wp-block-image size-full\"><img loading=\"lazy\" decoding=\"async\" width=\"500\" height=\"119\" data-id=\"218\" src=\"https:\/\/www.cdcargologistics.cz\/app\/uploads\/2023\/12\/evraz-1.png\" alt=\"\" class=\"wp-image-218\" srcset=\"https:\/\/www.cdcargologistics.cz\/app\/uploads\/2023\/12\/evraz-1.png 500w, https:\/\/www.cdcargologistics.cz\/app\/uploads\/2023\/12\/evraz-1-300x71.png 300w\" sizes=\"auto, (max-width: 500px) 100vw, 500px\" \/><\/figure>\n\n\n\n<figure class=\"wp-block-image size-full\"><img loading=\"lazy\" decoding=\"async\" width=\"500\" height=\"84\" data-id=\"219\" src=\"https:\/\/www.cdcargologistics.cz\/app\/uploads\/2023\/12\/kovosrot-group-1.png\" alt=\"\" class=\"wp-image-219\" srcset=\"https:\/\/www.cdcargologistics.cz\/app\/uploads\/2023\/12\/kovosrot-group-1.png 500w, https:\/\/www.cdcargologistics.cz\/app\/uploads\/2023\/12\/kovosrot-group-1-300x50.png 300w\" sizes=\"auto, (max-width: 500px) 100vw, 500px\" \/><\/figure>\n\n\n\n<figure class=\"wp-block-image size-large\"><img loading=\"lazy\" decoding=\"async\" width=\"1024\" height=\"201\" data-id=\"220\" src=\"https:\/\/www.cdcargologistics.cz\/app\/uploads\/2023\/12\/nh-trans-1-1024x201.png\" alt=\"\" class=\"wp-image-220\" srcset=\"https:\/\/www.cdcargologistics.cz\/app\/uploads\/2023\/12\/nh-trans-1-1024x201.png 1024w, https:\/\/www.cdcargologistics.cz\/app\/uploads\/2023\/12\/nh-trans-1-300x59.png 300w, https:\/\/www.cdcargologistics.cz\/app\/uploads\/2023\/12\/nh-trans-1-768x151.png 768w, https:\/\/www.cdcargologistics.cz\/app\/uploads\/2023\/12\/nh-trans-1-1536x301.png 1536w, https:\/\/www.cdcargologistics.cz\/app\/uploads\/2023\/12\/nh-trans-1-2048x402.png 2048w\" sizes=\"auto, (max-width: 1024px) 100vw, 1024px\" \/><\/figure>\n\n\n\n<figure class=\"wp-block-image size-large\"><img loading=\"lazy\" decoding=\"async\" width=\"676\" height=\"229\" data-id=\"135\" src=\"https:\/\/www.cdcargologistics.cz\/app\/uploads\/2023\/12\/logo-plzenska-teplarenska.jpg\" alt=\"\" class=\"wp-image-135\" srcset=\"https:\/\/www.cdcargologistics.cz\/app\/uploads\/2023\/12\/logo-plzenska-teplarenska.jpg 676w, https:\/\/www.cdcargologistics.cz\/app\/uploads\/2023\/12\/logo-plzenska-teplarenska-300x102.jpg 300w\" sizes=\"auto, (max-width: 676px) 100vw, 676px\" \/><\/figure>\n\n\n\n<figure class=\"wp-block-image size-full\"><img loading=\"lazy\" decoding=\"async\" width=\"500\" height=\"244\" data-id=\"221\" src=\"https:\/\/www.cdcargologistics.cz\/app\/uploads\/2023\/12\/tsr-1.png\" alt=\"\" class=\"wp-image-221\" srcset=\"https:\/\/www.cdcargologistics.cz\/app\/uploads\/2023\/12\/tsr-1.png 500w, https:\/\/www.cdcargologistics.cz\/app\/uploads\/2023\/12\/tsr-1-300x146.png 300w\" sizes=\"auto, (max-width: 500px) 100vw, 500px\" \/><\/figure>\n\n\n\n<figure class=\"wp-block-image size-full\"><img loading=\"lazy\" decoding=\"async\" width=\"500\" height=\"155\" data-id=\"222\" src=\"https:\/\/www.cdcargologistics.cz\/app\/uploads\/2023\/12\/impregrane-sobeslav-1.png\" alt=\"\" class=\"wp-image-222\" srcset=\"https:\/\/www.cdcargologistics.cz\/app\/uploads\/2023\/12\/impregrane-sobeslav-1.png 500w, https:\/\/www.cdcargologistics.cz\/app\/uploads\/2023\/12\/impregrane-sobeslav-1-300x93.png 300w\" sizes=\"auto, (max-width: 500px) 100vw, 500px\" \/><\/figure>\n\n\n\n<figure class=\"wp-block-image size-full\"><img loading=\"lazy\" decoding=\"async\" width=\"500\" height=\"117\" data-id=\"223\" src=\"https:\/\/www.cdcargologistics.cz\/app\/uploads\/2023\/12\/innofreight-1.png\" alt=\"\" class=\"wp-image-223\" srcset=\"https:\/\/www.cdcargologistics.cz\/app\/uploads\/2023\/12\/innofreight-1.png 500w, https:\/\/www.cdcargologistics.cz\/app\/uploads\/2023\/12\/innofreight-1-300x70.png 300w\" sizes=\"auto, (max-width: 500px) 100vw, 500px\" \/><\/figure>\n\n\n\n<figure class=\"wp-block-image size-full\"><img loading=\"lazy\" decoding=\"async\" width=\"476\" height=\"109\" data-id=\"224\" src=\"https:\/\/www.cdcargologistics.cz\/app\/uploads\/2023\/12\/austromar-1.png\" alt=\"\" class=\"wp-image-224\" srcset=\"https:\/\/www.cdcargologistics.cz\/app\/uploads\/2023\/12\/austromar-1.png 476w, https:\/\/www.cdcargologistics.cz\/app\/uploads\/2023\/12\/austromar-1-300x69.png 300w\" sizes=\"auto, (max-width: 476px) 100vw, 476px\" \/><\/figure>\n\n\n\n<figure class=\"wp-block-image size-full\"><img loading=\"lazy\" decoding=\"async\" width=\"454\" height=\"204\" data-id=\"225\" src=\"https:\/\/www.cdcargologistics.cz\/app\/uploads\/2023\/12\/ekometal-1.png\" alt=\"\" class=\"wp-image-225\" srcset=\"https:\/\/www.cdcargologistics.cz\/app\/uploads\/2023\/12\/ekometal-1.png 454w, https:\/\/www.cdcargologistics.cz\/app\/uploads\/2023\/12\/ekometal-1-300x135.png 300w\" sizes=\"auto, (max-width: 454px) 100vw, 454px\" \/><\/figure>\n\n\n\n<figure class=\"wp-block-image size-full\"><img loading=\"lazy\" decoding=\"async\" width=\"500\" height=\"89\" data-id=\"226\" src=\"https:\/\/www.cdcargologistics.cz\/app\/uploads\/2023\/12\/trojek-1.png\" alt=\"\" class=\"wp-image-226\" srcset=\"https:\/\/www.cdcargologistics.cz\/app\/uploads\/2023\/12\/trojek-1.png 500w, https:\/\/www.cdcargologistics.cz\/app\/uploads\/2023\/12\/trojek-1-300x53.png 300w\" sizes=\"auto, (max-width: 500px) 100vw, 500px\" \/><\/figure>\n\n\n\n<figure class=\"wp-block-image size-full\"><img loading=\"lazy\" decoding=\"async\" width=\"500\" height=\"106\" data-id=\"227\" src=\"https:\/\/www.cdcargologistics.cz\/app\/uploads\/2023\/12\/wood-paper-1.png\" alt=\"\" class=\"wp-image-227\" srcset=\"https:\/\/www.cdcargologistics.cz\/app\/uploads\/2023\/12\/wood-paper-1.png 500w, https:\/\/www.cdcargologistics.cz\/app\/uploads\/2023\/12\/wood-paper-1-300x64.png 300w\" sizes=\"auto, (max-width: 500px) 100vw, 500px\" \/><\/figure>\n\n\n\n<figure class=\"wp-block-image size-full\"><img loading=\"lazy\" decoding=\"async\" width=\"500\" height=\"158\" data-id=\"228\" src=\"https:\/\/www.cdcargologistics.cz\/app\/uploads\/2023\/12\/arcelormittal-1.png\" alt=\"\" class=\"wp-image-228\" srcset=\"https:\/\/www.cdcargologistics.cz\/app\/uploads\/2023\/12\/arcelormittal-1.png 500w, https:\/\/www.cdcargologistics.cz\/app\/uploads\/2023\/12\/arcelormittal-1-300x95.png 300w\" sizes=\"auto, (max-width: 500px) 100vw, 500px\" \/><\/figure>\n\n\n\n<figure class=\"wp-block-image size-full\"><img loading=\"lazy\" decoding=\"async\" width=\"500\" height=\"131\" data-id=\"229\" src=\"https:\/\/www.cdcargologistics.cz\/app\/uploads\/2023\/12\/agc-1.png\" alt=\"\" class=\"wp-image-229\" srcset=\"https:\/\/www.cdcargologistics.cz\/app\/uploads\/2023\/12\/agc-1.png 500w, https:\/\/www.cdcargologistics.cz\/app\/uploads\/2023\/12\/agc-1-300x79.png 300w\" sizes=\"auto, (max-width: 500px) 100vw, 500px\" \/><\/figure>\n\n\n\n<figure class=\"wp-block-image size-full\"><img loading=\"lazy\" decoding=\"async\" width=\"500\" height=\"170\" data-id=\"230\" src=\"https:\/\/www.cdcargologistics.cz\/app\/uploads\/2023\/12\/express-1.png\" alt=\"\" class=\"wp-image-230\" srcset=\"https:\/\/www.cdcargologistics.cz\/app\/uploads\/2023\/12\/express-1.png 500w, https:\/\/www.cdcargologistics.cz\/app\/uploads\/2023\/12\/express-1-300x102.png 300w\" sizes=\"auto, (max-width: 500px) 100vw, 500px\" \/><\/figure>\n\n\n\n<figure class=\"wp-block-image size-full\"><img loading=\"lazy\" decoding=\"async\" width=\"477\" height=\"85\" data-id=\"231\" src=\"https:\/\/www.cdcargologistics.cz\/app\/uploads\/2023\/12\/agro-cs-1.png\" alt=\"\" class=\"wp-image-231\" srcset=\"https:\/\/www.cdcargologistics.cz\/app\/uploads\/2023\/12\/agro-cs-1.png 477w, https:\/\/www.cdcargologistics.cz\/app\/uploads\/2023\/12\/agro-cs-1-300x53.png 300w\" sizes=\"auto, (max-width: 477px) 100vw, 477px\" \/><\/figure>\n\n\n\n<figure class=\"wp-block-image size-large\"><img loading=\"lazy\" decoding=\"async\" width=\"196\" height=\"105\" data-id=\"884\" src=\"https:\/\/www.cdcargologistics.cz\/app\/uploads\/2024\/03\/ZOS-TT-100.svg\" alt=\"\" class=\"wp-image-884\"\/><\/figure>\n\n\n\n<figure class=\"wp-block-image size-large\"><img loading=\"lazy\" decoding=\"async\" width=\"279\" height=\"87\" data-id=\"887\" src=\"https:\/\/www.cdcargologistics.cz\/app\/uploads\/2024\/03\/logo.svg\" alt=\"\" class=\"wp-image-887\"\/><\/figure>\n<\/figure>\n<\/div>\n<\/div>\n<\/section>\n","protected":false},"excerpt":{"rendered":"<p>BELEXPRESS \u2013 REGULAR RAIL CONNECTION BETWEEN THE CZECH REPUBLIC AND THE BENELUX COUNTRIES AND THE RUHR AREA FAST CONNECTION TO SEA PORTS: FLEXIBLE WAGON SHIPMENT TRANSPORT: EXTENSIVE RAIL NETWORK CONNECTING EUROPE: Regular Departures: Estimated Transit Time: WITH BELEXPRESS, YOU ARE GUARANTEED FAST, SAFE, AND FLEXIBLE TRANSPORTATION BETWEEN THE CZECH REPUBLIC, THE BENELUX COUNTRIES, THE RUHR &hellip; <a href=\"https:\/\/www.cdcargologistics.cz\/en\/belexpress\/\">Continued<\/a><\/p>\n","protected":false},"author":1,"featured_media":0,"parent":0,"menu_order":0,"comment_status":"closed","ping_status":"closed","template":"","meta":{"footnotes":""},"class_list":["post-724","page","type-page","status-publish","hentry"],"_links":{"self":[{"href":"https:\/\/www.cdcargologistics.cz\/en\/wp-json\/wp\/v2\/pages\/724","targetHints":{"allow":["GET"]}}],"collection":[{"href":"https:\/\/www.cdcargologistics.cz\/en\/wp-json\/wp\/v2\/pages"}],"about":[{"href":"https:\/\/www.cdcargologistics.cz\/en\/wp-json\/wp\/v2\/types\/page"}],"author":[{"embeddable":true,"href":"https:\/\/www.cdcargologistics.cz\/en\/wp-json\/wp\/v2\/users\/1"}],"replies":[{"embeddable":true,"href":"https:\/\/www.cdcargologistics.cz\/en\/wp-json\/wp\/v2\/comments?post=724"}],"version-history":[{"count":8,"href":"https:\/\/www.cdcargologistics.cz\/en\/wp-json\/wp\/v2\/pages\/724\/revisions"}],"predecessor-version":[{"id":2166,"href":"https:\/\/www.cdcargologistics.cz\/en\/wp-json\/wp\/v2\/pages\/724\/revisions\/2166"}],"wp:attachment":[{"href":"https:\/\/www.cdcargologistics.cz\/en\/wp-json\/wp\/v2\/media?parent=724"}],"curies":[{"name":"wp","href":"https:\/\/api.w.org\/{rel}","templated":true}]}}